{"id":2476,"date":"2018-11-11T19:15:39","date_gmt":"2018-11-11T18:15:39","guid":{"rendered":"http:\/\/hotel-au-relais-de-lill.fr\/wp\/?page_id=2476"},"modified":"2021-01-02T17:56:55","modified_gmt":"2021-01-02T16:56:55","slug":"donnees-personnelles","status":"publish","type":"page","link":"https:\/\/hotel-au-relais-de-lill.fr\/wp\/fr\/donnees-personnelles\/","title":{"rendered":"Donn\u00e9es personnelles"},"content":{"rendered":"<p>En acc\u00e9dant \u00e0 ce site, vous \u00eates inform\u00e9s que l&#8217;utilisation d&#8217;Internet n\u00e9cessite le respect de la l\u00e9gislation relative \u00e0 la loi <span style=\"font-family: 'Source Sans Pro';\">RGPD (R\u00e8glement G\u00e9n\u00e9ral sur la Protection des Donn\u00e9es), mise en vigueur le 25 mai 2018.<\/span><\/p>\n<p>Les informations personnelles que l\u2019h\u00f4tel au Relais de l\u2019Ill sera amene\u0301 a\u0300 traiter, et vous concernant, re\u0301sultent de votre de\u0301marche en vue d\u2019une re\u0301servation aupre\u0300s de notre ho\u0302tel, ou en vue de la re\u0301ception par vos soins de documentation.<br \/>\nCes donne\u0301es sont : le nom, le pre\u0301nom, l\u2019adresse, l\u2019adresse e-mail, le te\u0301le\u0301phone, la nationalite\u0301, l\u2019entreprise en cas de r\u00e9servation professionnelle<br \/>\nCes donne\u0301es sont ne\u0301cessaires aux traitements suivants :<br \/>\nTraitement de la r\u00e9servation de chambre<br \/>\nRe\u0301ception de documentation sur l\u2019ho\u0302tel<br \/>\nRe\u0301ception d\u2019un suivi via e-mails aux fins d\u2019e\u0301tude de satisfaction<\/p>\n<p>Ces donne\u0301es sont utilise\u0301es par l\u2019ho\u0302tel uniquement aux fins de\u0301crites ci-dessus.<br \/>\nCes informations ne sont ni vendues ni communique\u0301es a\u0300 des tiers et sont strictement re\u0301serve\u0301es aux usages internes de\u0301crits ci-dessus.<\/p>\n<p>La loi et notamment le Re\u0300glement Ge\u0301ne\u0301ral sur la Protection des Donne\u0301es Personnelles vous donne a\u0300 tout moment le droit de faire modifier les donne\u0301es ci-dessus, de me\u0302me que le droit de vous les faire communiquer, de les effacer ou de les limiter dans le temps. Vous pouvez a\u0300 cet effet utiliser l\u2019une des proce\u0301dures suivantes :<br \/>\nEnvoi d\u2019un e-mail a\u0300 l\u2019ho\u0302tel<br \/>\nEnvoi d\u2019un courrier a\u0300 l\u2019ho\u0302tel<\/p>\n","protected":false},"excerpt":{"rendered":"<p>En acc\u00e9dant \u00e0 ce site, vous \u00eates inform\u00e9s que l&#8217;utilisation d&#8217;Internet n\u00e9cessite le respect de la l\u00e9gislation relative \u00e0 la loi RGPD (R\u00e8glement G\u00e9n\u00e9ral sur la Protection des Donn\u00e9es), mise en vigueur le 25 mai 2018. Les informations personnelles que l\u2019h\u00f4tel au Relais de l\u2019Ill sera amene\u0301 a\u0300 traiter, et\u2026<\/p>\n<p> <a class=\"continue-reading-link\" href=\"https:\/\/hotel-au-relais-de-lill.fr\/wp\/fr\/donnees-personnelles\/\"><span>Continue reading<\/span><i class=\"crycon-right-dir\"><\/i><\/a> <\/p>\n","protected":false},"author":1,"featured_media":0,"parent":0,"menu_order":0,"comment_status":"closed","ping_status":"closed","template":"templates\/template-onecolumn.php","meta":{"_exactmetrics_skip_tracking":false,"_exactmetrics_sitenote_active":false,"_exactmetrics_sitenote_note":"","_exactmetrics_sitenote_category":0,"_uf_show_specific_survey":0,"_uf_disable_surveys":false,"jetpack_post_was_ever_published":false,"footnotes":""},"class_list":["post-2476","page","type-page","status-publish","hentry"],"yoast_head":"<!-- This site is optimized with the Yoast SEO plugin v27.1.1 - https:\/\/yoast.com\/product\/yoast-seo-wordpress\/ -->\n<title>Donn\u00e9es personnelles - H\u00f4tel au Relais de l&#039;Ill<\/title>\n<meta name=\"robots\" content=\"index, follow, max-snippet:-1, max-image-preview:large, max-video-preview:-1\" \/>\n<link rel=\"canonical\" href=\"https:\/\/hotel-au-relais-de-lill.fr\/wp\/fr\/donnees-personnelles\/\" \/>\n<meta property=\"og:locale\" content=\"en_US\" \/>\n<meta property=\"og:type\" content=\"article\" \/>\n<meta property=\"og:title\" content=\"Donn\u00e9es personnelles - H\u00f4tel au Relais de l&#039;Ill\" \/>\n<meta property=\"og:description\" content=\"En acc\u00e9dant \u00e0 ce site, vous \u00eates inform\u00e9s que l&#8217;utilisation d&#8217;Internet n\u00e9cessite le respect de la l\u00e9gislation relative \u00e0 la loi RGPD (R\u00e8glement G\u00e9n\u00e9ral sur la Protection des Donn\u00e9es), mise en vigueur le 25 mai 2018. Les informations personnelles que l\u2019h\u00f4tel au Relais de l\u2019Ill sera amene\u0301 a\u0300 traiter, et\u2026 Continue reading\" \/>\n<meta property=\"og:url\" content=\"https:\/\/hotel-au-relais-de-lill.fr\/wp\/fr\/donnees-personnelles\/\" \/>\n<meta property=\"og:site_name\" content=\"H\u00f4tel au Relais de l&#039;Ill\" \/>\n<meta property=\"article:publisher\" content=\"https:\/\/www.facebook.com\/Au-Relais-de-lIll-1536886259886764\/\" \/>\n<meta property=\"article:modified_time\" content=\"2021-01-02T16:56:55+00:00\" \/>\n<meta property=\"og:image\" content=\"https:\/\/i0.wp.com\/hotel-au-relais-de-lill.fr\/wp\/wp-content\/uploads\/2014\/12\/IMG_7299_acc_web.jpg?fit=314%2C209&ssl=1\" \/>\n\t<meta property=\"og:image:width\" content=\"314\" \/>\n\t<meta property=\"og:image:height\" content=\"209\" \/>\n\t<meta property=\"og:image:type\" content=\"image\/jpeg\" \/>\n<meta name=\"twitter:card\" content=\"summary_large_image\" \/>\n<meta name=\"twitter:label1\" content=\"Est. reading time\" \/>\n\t<meta name=\"twitter:data1\" content=\"1 minute\" \/>\n<!-- \/ Yoast SEO plugin. -->","yoast_head_json":{"title":"Donn\u00e9es personnelles - H\u00f4tel au Relais de l&#039;Ill","robots":{"index":"index","follow":"follow","max-snippet":"max-snippet:-1","max-image-preview":"max-image-preview:large","max-video-preview":"max-video-preview:-1"},"canonical":"https:\/\/hotel-au-relais-de-lill.fr\/wp\/fr\/donnees-personnelles\/","og_locale":"en_US","og_type":"article","og_title":"Donn\u00e9es personnelles - H\u00f4tel au Relais de l&#039;Ill","og_description":"En acc\u00e9dant \u00e0 ce site, vous \u00eates inform\u00e9s que l&#8217;utilisation d&#8217;Internet n\u00e9cessite le respect de la l\u00e9gislation relative \u00e0 la loi RGPD (R\u00e8glement G\u00e9n\u00e9ral sur la Protection des Donn\u00e9es), mise en vigueur le 25 mai 2018. Les informations personnelles que l\u2019h\u00f4tel au Relais de l\u2019Ill sera amene\u0301 a\u0300 traiter, et\u2026 Continue reading","og_url":"https:\/\/hotel-au-relais-de-lill.fr\/wp\/fr\/donnees-personnelles\/","og_site_name":"H\u00f4tel au Relais de l&#039;Ill","article_publisher":"https:\/\/www.facebook.com\/Au-Relais-de-lIll-1536886259886764\/","article_modified_time":"2021-01-02T16:56:55+00:00","og_image":[{"width":314,"height":209,"url":"https:\/\/i0.wp.com\/hotel-au-relais-de-lill.fr\/wp\/wp-content\/uploads\/2014\/12\/IMG_7299_acc_web.jpg?fit=314%2C209&ssl=1","type":"image\/jpeg"}],"twitter_card":"summary_large_image","twitter_misc":{"Est. reading time":"1 minute"},"schema":{"@context":"https:\/\/schema.org","@graph":[{"@type":"WebPage","@id":"https:\/\/hotel-au-relais-de-lill.fr\/wp\/fr\/donnees-personnelles\/","url":"https:\/\/hotel-au-relais-de-lill.fr\/wp\/fr\/donnees-personnelles\/","name":"Donn\u00e9es personnelles - H\u00f4tel au Relais de l&#039;Ill","isPartOf":{"@id":"https:\/\/hotel-au-relais-de-lill.fr\/wp\/#website"},"datePublished":"2018-11-11T18:15:39+00:00","dateModified":"2021-01-02T16:56:55+00:00","breadcrumb":{"@id":"https:\/\/hotel-au-relais-de-lill.fr\/wp\/fr\/donnees-personnelles\/#breadcrumb"},"inLanguage":"en-US","potentialAction":[{"@type":"ReadAction","target":["https:\/\/hotel-au-relais-de-lill.fr\/wp\/fr\/donnees-personnelles\/"]}]},{"@type":"BreadcrumbList","@id":"https:\/\/hotel-au-relais-de-lill.fr\/wp\/fr\/donnees-personnelles\/#breadcrumb","itemListElement":[{"@type":"ListItem","position":1,"name":"Home","item":"https:\/\/hotel-au-relais-de-lill.fr\/wp\/"},{"@type":"ListItem","position":2,"name":"Donn\u00e9es personnelles"}]},{"@type":"WebSite","@id":"https:\/\/hotel-au-relais-de-lill.fr\/wp\/#website","url":"https:\/\/hotel-au-relais-de-lill.fr\/wp\/","name":"H\u00f4tel au Relais de l&#039;Ill","description":"","potentialAction":[{"@type":"SearchAction","target":{"@type":"EntryPoint","urlTemplate":"https:\/\/hotel-au-relais-de-lill.fr\/wp\/?s={search_term_string}"},"query-input":{"@type":"PropertyValueSpecification","valueRequired":true,"valueName":"search_term_string"}}],"inLanguage":"en-US"}]}},"jetpack_sharing_enabled":true,"jetpack_shortlink":"https:\/\/wp.me\/P6Xjpu-DW","jetpack-related-posts":[],"_links":{"self":[{"href":"https:\/\/hotel-au-relais-de-lill.fr\/wp\/wp-json\/wp\/v2\/pages\/2476","targetHints":{"allow":["GET"]}}],"collection":[{"href":"https:\/\/hotel-au-relais-de-lill.fr\/wp\/wp-json\/wp\/v2\/pages"}],"about":[{"href":"https:\/\/hotel-au-relais-de-lill.fr\/wp\/wp-json\/wp\/v2\/types\/page"}],"author":[{"embeddable":true,"href":"https:\/\/hotel-au-relais-de-lill.fr\/wp\/wp-json\/wp\/v2\/users\/1"}],"replies":[{"embeddable":true,"href":"https:\/\/hotel-au-relais-de-lill.fr\/wp\/wp-json\/wp\/v2\/comments?post=2476"}],"version-history":[{"count":2,"href":"https:\/\/hotel-au-relais-de-lill.fr\/wp\/wp-json\/wp\/v2\/pages\/2476\/revisions"}],"predecessor-version":[{"id":2479,"href":"https:\/\/hotel-au-relais-de-lill.fr\/wp\/wp-json\/wp\/v2\/pages\/2476\/revisions\/2479"}],"wp:attachment":[{"href":"https:\/\/hotel-au-relais-de-lill.fr\/wp\/wp-json\/wp\/v2\/media?parent=2476"}],"curies":[{"name":"wp","href":"https:\/\/api.w.org\/{rel}","templated":true}]}}