{"id":505,"date":"2014-12-24T17:29:29","date_gmt":"2014-12-22T17:12:34","guid":{"rendered":"http:\/\/hotel-au-relais-de-lill.fr\/wp\/?page_id=505"},"modified":"2026-03-17T09:55:22","modified_gmt":"2026-03-17T08:55:22","slug":"meilleurs-prix-offre-speciale-booking-proche-selestat-erstein","status":"publish","type":"page","link":"https:\/\/hotel-au-relais-de-lill.fr\/wp\/fr\/meilleurs-prix-offre-speciale-booking-proche-selestat-erstein\/","title":{"rendered":"Tarifs &#8211; offres"},"content":{"rendered":"\n<h1 class=\"wp-block-heading has-medium-font-size\"><strong><span style=\"font-size: 14pt;\">Soyez certain de toujours b\u00e9n\u00e9ficier du meilleur prix: r\u00e9servez en direct \u00e0 l&#8217;h\u00f4tel. Annulation possible sans frais.<\/span><\/strong><\/h1>\n\n\n\n<h2 class=\"wp-block-heading has-medium-font-size\"><strong><span style=\"font-size: 14pt;\">Nous vous proposons la <span style=\"color: #008000;\">formule Chambre avec Petit-d\u00e9jeuner \u00e0 prix r\u00e9duit<\/span>. Petit-d\u00e9jeuner gourmand et \u00e9quilibr\u00e9 avec des produits locaux alsaciens.<\/span><\/strong><\/h2>\n\n\n\n<h3 class=\"wp-block-heading has-medium-font-size\"><strong><span style=\"font-size: 18.6667px;\">Nous acceptons les Ch\u00e8ques-Vacances sous forme de ch\u00e8ques papier et de ch\u00e8ques d\u00e9mat\u00e9rialis\u00e9s avec ancv-connect.<\/span><\/strong><\/h3>\n\n\n\n<p class=\"has-medium-font-size\"><span style=\"font-size: 14pt;\">Vous pouvez consulter les prix et disponibilit\u00e9s directement sur le site de r\u00e9servation de l&#8217;h\u00f4tel.<\/span><\/p>\n\n\n<div class=\"wp-block-image\">\n<figure class=\"alignleft\"><a href=\"https:\/\/i0.wp.com\/hotel-au-relais-de-lill.fr\/wp\/wp-content\/uploads\/2015\/01\/chaise-longue-sous-noyer-hotel-au-relais-de-l-ill.jpg\" data-rel=\"lightbox-image-0\" data-rl_title=\"\" data-rl_caption=\"\" title=\"\"><img data-recalc-dims=\"1\" height=\"133\" width=\"300\" decoding=\"async\" src=\"https:\/\/i0.wp.com\/hotel-au-relais-de-lill.fr\/wp\/wp-content\/uploads\/2015\/01\/chaise-longue-sous-noyer-hotel-au-relais-de-l-ill-300x133.jpg?resize=300%2C133\" alt=\"chaise-longue sous noyer - h\u00f4tel au relais de l'Ill - page prix-booking\" class=\"wp-image-568\"\/><\/a><\/figure>\n<\/div>\n\n\n<p class=\"has-medium-font-size\"><span style=\"font-size: 14pt;\">Pour tout renseignement ou r\u00e9servation, contactez-nous aux coordonn\u00e9es ci-dessous, ou faites votre demande de r\u00e9servation directement en ligne.&nbsp;<a href=\"http:\/\/hotel-au-relais-de-lill.fr\/wp\/wp-content\/uploads\/2015\/01\/chaise-longue-sous-noyer-hotel-au-relais-de-l-ill.jpg\" data-rel=\"lightbox-image-1\" data-rl_title=\"\" data-rl_caption=\"\" title=\"\"><br><\/a>T\u00e9l\u00e9phone: 03 88 74 31 28<\/span><br><span style=\"font-size: 14pt;\">E-mail: relais-de-lill@wanadoo.fr<\/span><br><span style=\"font-size: 14pt;\">Nous nous ferons un plaisir de vous r\u00e9pondre<\/span><\/p>\n","protected":false},"excerpt":{"rendered":"<p>Soyez certain de toujours b\u00e9n\u00e9ficier du meilleur prix: r\u00e9servez en direct \u00e0 l&#8217;h\u00f4tel. Annulation possible sans frais. Nous vous proposons la formule Chambre avec Petit-d\u00e9jeuner \u00e0 prix r\u00e9duit. Petit-d\u00e9jeuner gourmand et \u00e9quilibr\u00e9 avec des produits locaux alsaciens. Nous acceptons les Ch\u00e8ques-Vacances sous forme de ch\u00e8ques papier et de ch\u00e8ques d\u00e9mat\u00e9rialis\u00e9s\u2026<\/p>\n<p> <a class=\"continue-reading-link\" href=\"https:\/\/hotel-au-relais-de-lill.fr\/wp\/fr\/meilleurs-prix-offre-speciale-booking-proche-selestat-erstein\/\"><span>Continue reading<\/span><i class=\"crycon-right-dir\"><\/i><\/a> <\/p>\n","protected":false},"author":1,"featured_media":0,"parent":0,"menu_order":0,"comment_status":"closed","ping_status":"closed","template":"","meta":{"_exactmetrics_skip_tracking":false,"_exactmetrics_sitenote_active":false,"_exactmetrics_sitenote_note":"","_exactmetrics_sitenote_category":0,"_uf_show_specific_survey":0,"_uf_disable_surveys":false,"jetpack_post_was_ever_published":false,"footnotes":""},"class_list":["post-505","page","type-page","status-publish","hentry"],"yoast_head":"<!-- This site is optimized with the Yoast SEO plugin v27.1.1 - https:\/\/yoast.com\/product\/yoast-seo-wordpress\/ -->\n<title>Alsace, h\u00f4tel familial tranquille loin de l&#039;agitation touristique proche S\u00e9lestat Erstein<\/title>\n<meta name=\"description\" content=\"Notre h\u00f4tel entour\u00e9 d&#039;un joli jardin est situ\u00e9 entre Strasbourg et Colmar. Pour b\u00e9n\u00e9ficier du meilleur prix: r\u00e9servez en direct \u00e0 l&#039;h\u00f4tel.\" \/>\n<meta name=\"robots\" content=\"index, follow, max-snippet:-1, max-image-preview:large, max-video-preview:-1\" \/>\n<link rel=\"canonical\" href=\"https:\/\/hotel-au-relais-de-lill.fr\/wp\/fr\/meilleurs-prix-offre-speciale-booking-proche-selestat-erstein\/\" \/>\n<meta property=\"og:locale\" content=\"en_US\" \/>\n<meta property=\"og:type\" content=\"article\" \/>\n<meta property=\"og:title\" content=\"Alsace, h\u00f4tel familial tranquille loin de l&#039;agitation touristique proche S\u00e9lestat Erstein\" \/>\n<meta property=\"og:description\" content=\"Notre h\u00f4tel entour\u00e9 d&#039;un joli jardin est situ\u00e9 entre Strasbourg et Colmar. Pour b\u00e9n\u00e9ficier du meilleur prix: r\u00e9servez en direct \u00e0 l&#039;h\u00f4tel.\" \/>\n<meta property=\"og:url\" content=\"https:\/\/hotel-au-relais-de-lill.fr\/wp\/fr\/meilleurs-prix-offre-speciale-booking-proche-selestat-erstein\/\" \/>\n<meta property=\"og:site_name\" content=\"H\u00f4tel au Relais de l&#039;Ill\" \/>\n<meta property=\"article:publisher\" content=\"https:\/\/www.facebook.com\/Au-Relais-de-lIll-1536886259886764\/\" \/>\n<meta property=\"article:modified_time\" content=\"2026-03-17T08:55:22+00:00\" \/>\n<meta property=\"og:image\" content=\"http:\/\/hotel-au-relais-de-lill.fr\/wp\/wp-content\/uploads\/2015\/01\/chaise-longue-sous-noyer-hotel-au-relais-de-l-ill-300x133.jpg\" \/>\n<meta name=\"twitter:card\" content=\"summary_large_image\" \/>\n<meta name=\"twitter:label1\" content=\"Est. reading time\" \/>\n\t<meta name=\"twitter:data1\" content=\"1 minute\" \/>\n<!-- \/ Yoast SEO plugin. -->","yoast_head_json":{"title":"Alsace, h\u00f4tel familial tranquille loin de l'agitation touristique proche S\u00e9lestat Erstein","description":"Notre h\u00f4tel entour\u00e9 d'un joli jardin est situ\u00e9 entre Strasbourg et Colmar. Pour b\u00e9n\u00e9ficier du meilleur prix: r\u00e9servez en direct \u00e0 l'h\u00f4tel.","robots":{"index":"index","follow":"follow","max-snippet":"max-snippet:-1","max-image-preview":"max-image-preview:large","max-video-preview":"max-video-preview:-1"},"canonical":"https:\/\/hotel-au-relais-de-lill.fr\/wp\/fr\/meilleurs-prix-offre-speciale-booking-proche-selestat-erstein\/","og_locale":"en_US","og_type":"article","og_title":"Alsace, h\u00f4tel familial tranquille loin de l'agitation touristique proche S\u00e9lestat Erstein","og_description":"Notre h\u00f4tel entour\u00e9 d'un joli jardin est situ\u00e9 entre Strasbourg et Colmar. Pour b\u00e9n\u00e9ficier du meilleur prix: r\u00e9servez en direct \u00e0 l'h\u00f4tel.","og_url":"https:\/\/hotel-au-relais-de-lill.fr\/wp\/fr\/meilleurs-prix-offre-speciale-booking-proche-selestat-erstein\/","og_site_name":"H\u00f4tel au Relais de l&#039;Ill","article_publisher":"https:\/\/www.facebook.com\/Au-Relais-de-lIll-1536886259886764\/","article_modified_time":"2026-03-17T08:55:22+00:00","og_image":[{"url":"http:\/\/hotel-au-relais-de-lill.fr\/wp\/wp-content\/uploads\/2015\/01\/chaise-longue-sous-noyer-hotel-au-relais-de-l-ill-300x133.jpg","type":"","width":"","height":""}],"twitter_card":"summary_large_image","twitter_misc":{"Est. reading time":"1 minute"},"schema":{"@context":"https:\/\/schema.org","@graph":[{"@type":"WebPage","@id":"https:\/\/hotel-au-relais-de-lill.fr\/wp\/fr\/meilleurs-prix-offre-speciale-booking-proche-selestat-erstein\/","url":"https:\/\/hotel-au-relais-de-lill.fr\/wp\/fr\/meilleurs-prix-offre-speciale-booking-proche-selestat-erstein\/","name":"Alsace, h\u00f4tel familial tranquille loin de l'agitation touristique proche S\u00e9lestat Erstein","isPartOf":{"@id":"https:\/\/hotel-au-relais-de-lill.fr\/wp\/#website"},"primaryImageOfPage":{"@id":"https:\/\/hotel-au-relais-de-lill.fr\/wp\/fr\/meilleurs-prix-offre-speciale-booking-proche-selestat-erstein\/#primaryimage"},"image":{"@id":"https:\/\/hotel-au-relais-de-lill.fr\/wp\/fr\/meilleurs-prix-offre-speciale-booking-proche-selestat-erstein\/#primaryimage"},"thumbnailUrl":"http:\/\/hotel-au-relais-de-lill.fr\/wp\/wp-content\/uploads\/2015\/01\/chaise-longue-sous-noyer-hotel-au-relais-de-l-ill-300x133.jpg","datePublished":"2014-12-22T17:12:34+00:00","dateModified":"2026-03-17T08:55:22+00:00","description":"Notre h\u00f4tel entour\u00e9 d'un joli jardin est situ\u00e9 entre Strasbourg et Colmar. Pour b\u00e9n\u00e9ficier du meilleur prix: r\u00e9servez en direct \u00e0 l'h\u00f4tel.","breadcrumb":{"@id":"https:\/\/hotel-au-relais-de-lill.fr\/wp\/fr\/meilleurs-prix-offre-speciale-booking-proche-selestat-erstein\/#breadcrumb"},"inLanguage":"en-US","potentialAction":[{"@type":"ReadAction","target":["https:\/\/hotel-au-relais-de-lill.fr\/wp\/fr\/meilleurs-prix-offre-speciale-booking-proche-selestat-erstein\/"]}]},{"@type":"ImageObject","inLanguage":"en-US","@id":"https:\/\/hotel-au-relais-de-lill.fr\/wp\/fr\/meilleurs-prix-offre-speciale-booking-proche-selestat-erstein\/#primaryimage","url":"http:\/\/hotel-au-relais-de-lill.fr\/wp\/wp-content\/uploads\/2015\/01\/chaise-longue-sous-noyer-hotel-au-relais-de-l-ill-300x133.jpg","contentUrl":"http:\/\/hotel-au-relais-de-lill.fr\/wp\/wp-content\/uploads\/2015\/01\/chaise-longue-sous-noyer-hotel-au-relais-de-l-ill-300x133.jpg"},{"@type":"BreadcrumbList","@id":"https:\/\/hotel-au-relais-de-lill.fr\/wp\/fr\/meilleurs-prix-offre-speciale-booking-proche-selestat-erstein\/#breadcrumb","itemListElement":[{"@type":"ListItem","position":1,"name":"Home","item":"https:\/\/hotel-au-relais-de-lill.fr\/wp\/"},{"@type":"ListItem","position":2,"name":"Tarifs &#8211; offres"}]},{"@type":"WebSite","@id":"https:\/\/hotel-au-relais-de-lill.fr\/wp\/#website","url":"https:\/\/hotel-au-relais-de-lill.fr\/wp\/","name":"H\u00f4tel au Relais de l&#039;Ill","description":"","potentialAction":[{"@type":"SearchAction","target":{"@type":"EntryPoint","urlTemplate":"https:\/\/hotel-au-relais-de-lill.fr\/wp\/?s={search_term_string}"},"query-input":{"@type":"PropertyValueSpecification","valueRequired":true,"valueName":"search_term_string"}}],"inLanguage":"en-US"}]}},"jetpack_sharing_enabled":true,"jetpack_shortlink":"https:\/\/wp.me\/P6Xjpu-89","jetpack-related-posts":[],"_links":{"self":[{"href":"https:\/\/hotel-au-relais-de-lill.fr\/wp\/wp-json\/wp\/v2\/pages\/505","targetHints":{"allow":["GET"]}}],"collection":[{"href":"https:\/\/hotel-au-relais-de-lill.fr\/wp\/wp-json\/wp\/v2\/pages"}],"about":[{"href":"https:\/\/hotel-au-relais-de-lill.fr\/wp\/wp-json\/wp\/v2\/types\/page"}],"author":[{"embeddable":true,"href":"https:\/\/hotel-au-relais-de-lill.fr\/wp\/wp-json\/wp\/v2\/users\/1"}],"replies":[{"embeddable":true,"href":"https:\/\/hotel-au-relais-de-lill.fr\/wp\/wp-json\/wp\/v2\/comments?post=505"}],"version-history":[{"count":94,"href":"https:\/\/hotel-au-relais-de-lill.fr\/wp\/wp-json\/wp\/v2\/pages\/505\/revisions"}],"predecessor-version":[{"id":3721,"href":"https:\/\/hotel-au-relais-de-lill.fr\/wp\/wp-json\/wp\/v2\/pages\/505\/revisions\/3721"}],"wp:attachment":[{"href":"https:\/\/hotel-au-relais-de-lill.fr\/wp\/wp-json\/wp\/v2\/media?parent=505"}],"curies":[{"name":"wp","href":"https:\/\/api.w.org\/{rel}","templated":true}]}}